{"id":2,"date":"2013-02-19T08:29:44","date_gmt":"2013-02-19T06:29:44","guid":{"rendered":"http:\/\/grundschule-homberg.de\/wp\/?page_id=2"},"modified":"2024-06-16T13:23:22","modified_gmt":"2024-06-16T11:23:22","slug":"beispiel-seite","status":"publish","type":"page","link":"https:\/\/grundschule-homberg.de\/wp\/","title":{"rendered":"Start"},"content":{"rendered":"<h6 style=\"text-align: center;\">Herzlich Willkommen auf der Homepage&nbsp; der Grundschule Homberg<\/h6>\n<p style=\"text-align: center;\"><aside id=\"media_image-6\" class=\"widget widget_media_image amr_widget\"><h3 class=\"widget-title\">Nachhaltig leben &#8211; Zukunft gestalten &gt;&gt;<\/h3><a href=\"https:\/\/grundschule-homberg.de\/wp\/?page_id=224486\"><img loading=\"lazy\" decoding=\"async\" width=\"300\" height=\"169\" src=\"https:\/\/i0.wp.com\/grundschule-homberg.de\/wp\/wp-content\/uploads\/2023\/06\/Bild1.png?fit=300%2C169&amp;ssl=1\" class=\"image wp-image-224253  attachment-medium size-medium\" alt=\"\" style=\"max-width: 100%; height: auto;\" title=\"Fit F\u00fcr die Zukunft\" srcset=\"https:\/\/i0.wp.com\/grundschule-homberg.de\/wp\/wp-content\/uploads\/2023\/06\/Bild1.png?w=605&amp;ssl=1 605w, https:\/\/i0.wp.com\/grundschule-homberg.de\/wp\/wp-content\/uploads\/2023\/06\/Bild1.png?resize=300%2C169&amp;ssl=1 300w, https:\/\/i0.wp.com\/grundschule-homberg.de\/wp\/wp-content\/uploads\/2023\/06\/Bild1.png?resize=150%2C84&amp;ssl=1 150w\" sizes=\"auto, (max-width: 300px) 100vw, 300px\" \/><\/a><\/aside><\/p>\n<h6 style=\"text-align: center;\"><aside class='widget slposts-widget'><div class='slposts-container slposts-ulist-container slp-instance-2'><ul class='slposts-wrapper slposts-ulist nav nav-tabs nav-stacked'><li class='slposts-ulist-litem'><ul class='slposts-ulist-thumbnail slp-thumbnails'><li class='slposts-ulist-thumbnail-litem slp-span3'><div class='thumbnail'><a href='https:\/\/grundschule-homberg.de\/wp\/?p=225628'><img loading=\"lazy\" decoding=\"async\" width=\"160\" height=\"90\" src=\"https:\/\/i0.wp.com\/grundschule-homberg.de\/wp\/wp-content\/uploads\/2024\/03\/BUS.png?fit=160%2C90&amp;ssl=1\" class=\" wp-post-image\" alt=\"\" srcset=\"https:\/\/i0.wp.com\/grundschule-homberg.de\/wp\/wp-content\/uploads\/2024\/03\/BUS.png?w=920&amp;ssl=1 920w, https:\/\/i0.wp.com\/grundschule-homberg.de\/wp\/wp-content\/uploads\/2024\/03\/BUS.png?resize=300%2C169&amp;ssl=1 300w, https:\/\/i0.wp.com\/grundschule-homberg.de\/wp\/wp-content\/uploads\/2024\/03\/BUS.png?resize=150%2C84&amp;ssl=1 150w, https:\/\/i0.wp.com\/grundschule-homberg.de\/wp\/wp-content\/uploads\/2024\/03\/BUS.png?resize=768%2C432&amp;ssl=1 768w\" sizes=\"auto, (max-width: 160px) 100vw, 160px\" \/><\/a><div class='slposts-caption'><h3 class='slposts-ulist-title'><a href='https:\/\/grundschule-homberg.de\/wp\/?p=225628'>VB-13 Baustellenfahrplan ab 29.04.2026<\/a><\/h3><ul class='slposts-ulist-excerpt'><li>VB-13 Baustellenfahrplan ab 29.04.2026\r\n\r\nVB_2026-006_Umleitung_BT1\r\n\r\nVGO_VB-13_ab_2026-04-29_Bau\r\n\r\n&nbsp;  <a href=\"https:\/\/grundschule-homberg.de\/wp\/?p=225628\"><img data-recalc-dims=\"1\" decoding=\"async\" src=\"https:\/\/i0.wp.com\/grundschule-homberg.de\/wp\/wp-content\/plugins\/single-latest-posts-lite\/core\/img\/excerpt_trail.png?w=604&#038;ssl=1\" alt=\"more\" title=\"more\" \/><\/a><\/li><\/ul><\/div><\/div><\/li><\/ul><\/li><li class='slposts-ulist-litem'><ul class='slposts-ulist-thumbnail slp-thumbnails'><li class='slposts-ulist-thumbnail-litem slp-span3'><div class='thumbnail'><a href='https:\/\/grundschule-homberg.de\/wp\/?p=225617'><img loading=\"lazy\" decoding=\"async\" width=\"160\" height=\"67\" src=\"https:\/\/i0.wp.com\/grundschule-homberg.de\/wp\/wp-content\/uploads\/2026\/03\/Hasen-scaled.jpg?fit=160%2C67&amp;ssl=1\" class=\" wp-post-image\" alt=\"\" srcset=\"https:\/\/i0.wp.com\/grundschule-homberg.de\/wp\/wp-content\/uploads\/2026\/03\/Hasen-scaled.jpg?w=2560&amp;ssl=1 2560w, https:\/\/i0.wp.com\/grundschule-homberg.de\/wp\/wp-content\/uploads\/2026\/03\/Hasen-scaled.jpg?resize=300%2C126&amp;ssl=1 300w, https:\/\/i0.wp.com\/grundschule-homberg.de\/wp\/wp-content\/uploads\/2026\/03\/Hasen-scaled.jpg?resize=1024%2C431&amp;ssl=1 1024w, https:\/\/i0.wp.com\/grundschule-homberg.de\/wp\/wp-content\/uploads\/2026\/03\/Hasen-scaled.jpg?resize=150%2C63&amp;ssl=1 150w, https:\/\/i0.wp.com\/grundschule-homberg.de\/wp\/wp-content\/uploads\/2026\/03\/Hasen-scaled.jpg?resize=768%2C323&amp;ssl=1 768w, https:\/\/i0.wp.com\/grundschule-homberg.de\/wp\/wp-content\/uploads\/2026\/03\/Hasen-scaled.jpg?resize=1536%2C647&amp;ssl=1 1536w, https:\/\/i0.wp.com\/grundschule-homberg.de\/wp\/wp-content\/uploads\/2026\/03\/Hasen-scaled.jpg?resize=2048%2C863&amp;ssl=1 2048w, https:\/\/i0.wp.com\/grundschule-homberg.de\/wp\/wp-content\/uploads\/2026\/03\/Hasen-scaled.jpg?w=1208&amp;ssl=1 1208w, https:\/\/i0.wp.com\/grundschule-homberg.de\/wp\/wp-content\/uploads\/2026\/03\/Hasen-scaled.jpg?w=1812&amp;ssl=1 1812w\" sizes=\"auto, (max-width: 160px) 100vw, 160px\" \/><\/a><div class='slposts-caption'><h3 class='slposts-ulist-title'><a href='https:\/\/grundschule-homberg.de\/wp\/?p=225617'>Frohe Ostern<\/a><\/h3><ul class='slposts-ulist-excerpt'><li>Die Grundschule Homberg w\u00fcnscht allen ein frohes Osterfest und sch\u00f6ne Ferien! Der Unterricht beginnt wieder am Montag, den 13. April 2026.\r\n\r\nDas Sekretariat ist in den Ferien am 7., 8. und 9. April 2026 vormittags ge\u00f6ffnet.&nbsp;  <a href=\"https:\/\/grundschule-homberg.de\/wp\/?p=225617\"><img data-recalc-dims=\"1\" decoding=\"async\" src=\"https:\/\/i0.wp.com\/grundschule-homberg.de\/wp\/wp-content\/plugins\/single-latest-posts-lite\/core\/img\/excerpt_trail.png?w=604&#038;ssl=1\" alt=\"more\" title=\"more\" \/><\/a><\/li><\/ul><\/div><\/div><\/li><\/ul><\/li><li class='slposts-ulist-litem'><ul class='slposts-ulist-thumbnail slp-thumbnails'><li class='slposts-ulist-thumbnail-litem slp-span3'><div class='thumbnail'><a href='https:\/\/grundschule-homberg.de\/wp\/?p=225609'><img loading=\"lazy\" decoding=\"async\" width=\"160\" height=\"120\" src=\"https:\/\/i0.wp.com\/grundschule-homberg.de\/wp\/wp-content\/uploads\/2026\/03\/IMG-20260321-WA0001.jpg?fit=160%2C120&amp;ssl=1\" class=\" wp-post-image\" alt=\"\" srcset=\"https:\/\/i0.wp.com\/grundschule-homberg.de\/wp\/wp-content\/uploads\/2026\/03\/IMG-20260321-WA0001.jpg?w=1600&amp;ssl=1 1600w, https:\/\/i0.wp.com\/grundschule-homberg.de\/wp\/wp-content\/uploads\/2026\/03\/IMG-20260321-WA0001.jpg?resize=300%2C225&amp;ssl=1 300w, https:\/\/i0.wp.com\/grundschule-homberg.de\/wp\/wp-content\/uploads\/2026\/03\/IMG-20260321-WA0001.jpg?resize=1024%2C768&amp;ssl=1 1024w, https:\/\/i0.wp.com\/grundschule-homberg.de\/wp\/wp-content\/uploads\/2026\/03\/IMG-20260321-WA0001.jpg?resize=150%2C113&amp;ssl=1 150w, https:\/\/i0.wp.com\/grundschule-homberg.de\/wp\/wp-content\/uploads\/2026\/03\/IMG-20260321-WA0001.jpg?resize=768%2C576&amp;ssl=1 768w, https:\/\/i0.wp.com\/grundschule-homberg.de\/wp\/wp-content\/uploads\/2026\/03\/IMG-20260321-WA0001.jpg?resize=1536%2C1152&amp;ssl=1 1536w, https:\/\/i0.wp.com\/grundschule-homberg.de\/wp\/wp-content\/uploads\/2026\/03\/IMG-20260321-WA0001.jpg?w=1208&amp;ssl=1 1208w\" sizes=\"auto, (max-width: 160px) 100vw, 160px\" \/><\/a><div class='slposts-caption'><h3 class='slposts-ulist-title'><a href='https:\/\/grundschule-homberg.de\/wp\/?p=225609'>Homberger Fr\u00fchjahrsputz<\/a><\/h3><ul class='slposts-ulist-excerpt'><li>Am Samstag, den 20.3.2026, fand wieder der allj\u00e4hrliche Homberger Fr\u00fchjahrsputz statt.&nbsp;\r\n\r\nDie Kinder der Grundschule beteiligten sich bereits am Freitagvormittag an der M\u00fcllsammelaktion genauso wie die Sch\u00fclerinnen und Sch\u00fcler der Pestalozzischule und der Ohmtalschule.&nbsp;\r\n\r\nDie Grundsch\u00fclerinnen und ...<a href=\"https:\/\/grundschule-homberg.de\/wp\/?p=225609\"><img data-recalc-dims=\"1\" decoding=\"async\" src=\"https:\/\/i0.wp.com\/grundschule-homberg.de\/wp\/wp-content\/plugins\/single-latest-posts-lite\/core\/img\/excerpt_trail.png?w=604&#038;ssl=1\" alt=\"more\" title=\"more\" \/><\/a><\/li><\/ul><\/div><\/div><\/li><\/ul><\/li><li class='slposts-ulist-litem'><ul class='slposts-ulist-thumbnail slp-thumbnails'><li class='slposts-ulist-thumbnail-litem slp-span3'><div class='thumbnail'><a href='https:\/\/grundschule-homberg.de\/wp\/?p=225595'><img loading=\"lazy\" decoding=\"async\" width=\"160\" height=\"120\" src=\"https:\/\/i0.wp.com\/grundschule-homberg.de\/wp\/wp-content\/uploads\/2026\/03\/IMG_20260227_103053-scaled.jpg?fit=160%2C120&amp;ssl=1\" class=\" wp-post-image\" alt=\"\" srcset=\"https:\/\/i0.wp.com\/grundschule-homberg.de\/wp\/wp-content\/uploads\/2026\/03\/IMG_20260227_103053-scaled.jpg?w=2560&amp;ssl=1 2560w, https:\/\/i0.wp.com\/grundschule-homberg.de\/wp\/wp-content\/uploads\/2026\/03\/IMG_20260227_103053-scaled.jpg?resize=300%2C225&amp;ssl=1 300w, https:\/\/i0.wp.com\/grundschule-homberg.de\/wp\/wp-content\/uploads\/2026\/03\/IMG_20260227_103053-scaled.jpg?resize=1024%2C768&amp;ssl=1 1024w, https:\/\/i0.wp.com\/grundschule-homberg.de\/wp\/wp-content\/uploads\/2026\/03\/IMG_20260227_103053-scaled.jpg?resize=150%2C113&amp;ssl=1 150w, https:\/\/i0.wp.com\/grundschule-homberg.de\/wp\/wp-content\/uploads\/2026\/03\/IMG_20260227_103053-scaled.jpg?resize=768%2C576&amp;ssl=1 768w, https:\/\/i0.wp.com\/grundschule-homberg.de\/wp\/wp-content\/uploads\/2026\/03\/IMG_20260227_103053-scaled.jpg?resize=1536%2C1152&amp;ssl=1 1536w, https:\/\/i0.wp.com\/grundschule-homberg.de\/wp\/wp-content\/uploads\/2026\/03\/IMG_20260227_103053-scaled.jpg?resize=2048%2C1536&amp;ssl=1 2048w, https:\/\/i0.wp.com\/grundschule-homberg.de\/wp\/wp-content\/uploads\/2026\/03\/IMG_20260227_103053-scaled.jpg?w=1208&amp;ssl=1 1208w, https:\/\/i0.wp.com\/grundschule-homberg.de\/wp\/wp-content\/uploads\/2026\/03\/IMG_20260227_103053-scaled.jpg?w=1812&amp;ssl=1 1812w\" sizes=\"auto, (max-width: 160px) 100vw, 160px\" \/><\/a><div class='slposts-caption'><h3 class='slposts-ulist-title'><a href='https:\/\/grundschule-homberg.de\/wp\/?p=225595'>Autorenlesung mit Sven Gerhardt<\/a><\/h3><ul class='slposts-ulist-excerpt'><li>Am Freitag, den 27.2.26 war der Kinderbuchautor Sven Gerhardt zu Gast an der Grundschule Homberg. F\u00fcr die Vorklassenkinder und die Sch\u00fclerinnen und Sch\u00fcler aus dem 1. und 2. Schuljahr las er aus seinem Buch Frida ...<a href=\"https:\/\/grundschule-homberg.de\/wp\/?p=225595\"><img data-recalc-dims=\"1\" decoding=\"async\" src=\"https:\/\/i0.wp.com\/grundschule-homberg.de\/wp\/wp-content\/plugins\/single-latest-posts-lite\/core\/img\/excerpt_trail.png?w=604&#038;ssl=1\" alt=\"more\" title=\"more\" \/><\/a><\/li><\/ul><\/div><\/div><\/li><\/ul><\/li><li class='slposts-ulist-litem'><ul class='slposts-ulist-thumbnail slp-thumbnails'><li class='slposts-ulist-thumbnail-litem slp-span3'><div class='thumbnail'><a href='https:\/\/grundschule-homberg.de\/wp\/?p=225592'><img src='http:\/\/placehold.it\/160x160&text=Sammelbox f\u00fcr leere TINTENPATRONEN' alt='Sammelbox f\u00fcr leere TINTENPATRONEN' title='Sammelbox f\u00fcr leere TINTENPATRONEN' \/><\/a><div class='slposts-caption'><h3 class='slposts-ulist-title'><a href='https:\/\/grundschule-homberg.de\/wp\/?p=225592'>Sammelbox f\u00fcr leere TINTENPATRONEN<\/a><\/h3><ul class='slposts-ulist-excerpt'><li>Plakat - Sammelbox f. Tintenpatronen  <a href=\"https:\/\/grundschule-homberg.de\/wp\/?p=225592\"><img data-recalc-dims=\"1\" decoding=\"async\" src=\"https:\/\/i0.wp.com\/grundschule-homberg.de\/wp\/wp-content\/plugins\/single-latest-posts-lite\/core\/img\/excerpt_trail.png?w=604&#038;ssl=1\" alt=\"more\" title=\"more\" \/><\/a><\/li><\/ul><\/div><\/div><\/li><\/ul><\/li><\/ul><\/div><\/aside><br \/>\n<br \/>Error: Your Requested widget \"Archive \" is not in the widget list.<br \/><ul><li><em>[do_widget_area sidebar-1]<\/em><ul><li>[do_widget id=\"links-5\"]<\/li><li>[do_widget id=\"categories-3\"]<\/li><li>[do_widget id=\"links-13\"]<\/li><li>[do_widget id=\"media_image-5\"]<\/li><\/ul><\/li><li><em>[do_widget_area sidebar-2]<\/em><ul><li>[do_widget id=\"block-9\"]<\/li><li>[do_widget id=\"links-7\"]<\/li><li>[do_widget id=\"block-5\"]<\/li><li>[do_widget id=\"block-10\"]<\/li><li>[do_widget id=\"links-6\"]<\/li><li>[do_widget id=\"links-10\"]<\/li><li>[do_widget id=\"links-3\"]<\/li><li>[do_widget id=\"wp_sidebarlogin-2\"]<\/li><\/ul><\/li><li><em>[do_widget_area widgets_for_shortcodes]<\/em><ul><li>[do_widget id=\"links-11\"]<\/li><li>[do_widget id=\"slposts_widget-2\"]<\/li><li>[do_widget id=\"links-4\"]<\/li><li>[do_widget id=\"links-9\"]<\/li><li>[do_widget id=\"media_image-2\"]<\/li><li>[do_widget id=\"archives-2\"]<\/li><li>[do_widget id=\"category-posts-2\"]<\/li><li>[do_widget id=\"st_latest_posts_widget-2\"]<\/li><li>[do_widget id=\"links-12\"]<\/li><li>[do_widget id=\"media_image-6\"]<\/li><li>[do_widget id=\"links-14\"]<\/li><\/ul><\/li><li><em>[do_widget_area wp_inactive_widgets]<\/em><ul><li>[do_widget id=\"links-8\"]<\/li><li>[do_widget id=\"media_image-4\"]<\/li><li>[do_widget id=\"countperday_widget-2\"]<\/li><li>[do_widget id=\"links-2\"]<\/li><li>[do_widget id=\"recent-posts-3\"]<\/li><li>[do_widget id=\"search-2\"]<\/li><li>[do_widget id=\"meta-4\"]<\/li><li>[do_widget id=\"text-2\"]<\/li><\/ul><\/li><\/ul><\/h6>\n","protected":false},"excerpt":{"rendered":"<p>Herzlich Willkommen auf der Homepage&nbsp; der Grundschule Homberg<\/p>\n","protected":false},"author":1,"featured_media":0,"parent":0,"menu_order":0,"comment_status":"closed","ping_status":"closed","template":"","meta":{"ngg_post_thumbnail":0,"footnotes":""},"class_list":["post-2","page","type-page","status-publish","hentry"],"jetpack_shortlink":"https:\/\/wp.me\/P3XuEZ-2","jetpack-related-posts":[],"jetpack_sharing_enabled":true,"_links":{"self":[{"href":"https:\/\/grundschule-homberg.de\/wp\/index.php?rest_route=\/wp\/v2\/pages\/2","targetHints":{"allow":["GET"]}}],"collection":[{"href":"https:\/\/grundschule-homberg.de\/wp\/index.php?rest_route=\/wp\/v2\/pages"}],"about":[{"href":"https:\/\/grundschule-homberg.de\/wp\/index.php?rest_route=\/wp\/v2\/types\/page"}],"author":[{"embeddable":true,"href":"https:\/\/grundschule-homberg.de\/wp\/index.php?rest_route=\/wp\/v2\/users\/1"}],"replies":[{"embeddable":true,"href":"https:\/\/grundschule-homberg.de\/wp\/index.php?rest_route=%2Fwp%2Fv2%2Fcomments&post=2"}],"version-history":[{"count":95,"href":"https:\/\/grundschule-homberg.de\/wp\/index.php?rest_route=\/wp\/v2\/pages\/2\/revisions"}],"predecessor-version":[{"id":224807,"href":"https:\/\/grundschule-homberg.de\/wp\/index.php?rest_route=\/wp\/v2\/pages\/2\/revisions\/224807"}],"wp:attachment":[{"href":"https:\/\/grundschule-homberg.de\/wp\/index.php?rest_route=%2Fwp%2Fv2%2Fmedia&parent=2"}],"curies":[{"name":"wp","href":"https:\/\/api.w.org\/{rel}","templated":true}]}}