{"id":4360,"date":"2013-11-06T18:09:48","date_gmt":"2013-11-06T17:09:48","guid":{"rendered":"http:\/\/grundschule-homberg.de\/wp\/?page_id=4360"},"modified":"2018-05-04T12:43:56","modified_gmt":"2018-05-04T10:43:56","slug":"internet-abc","status":"publish","type":"page","link":"https:\/\/grundschule-homberg.de\/wp\/?page_id=4360","title":{"rendered":"Internet-abc"},"content":{"rendered":"<p><b>Projekt <a title=\"Internet-abc\" href=\"http:\/\/www.internet-abc.de\/kinder\/\" target=\"_blank\">Internet-abc<\/a><\/b><b><\/b><\/p>\n<p><b>Medienkompetenz &amp; Jugendmedienschutz<\/b><\/p>\n<p><b>Schulzeit \u2013 Medienzeit?<br \/>\n<\/b>Das Mediennutzungsverhalten der Kinder und Jugendlichen \u00e4ndert sich rapide.<br \/>\nDas \u201aEinstiegsalter\u2019 in die entsprechenden Medien sinkt kontinuierlich. Damit verlagern sich auch die damit verbundenen Probleme zunehmend in den Bereich der Grundschulen. Aufkl\u00e4rung und Pr\u00e4vention als Aufgabe von Schule erhalten dadurch eine immer gr\u00f6\u00dfere Bedeutung f\u00fcr den Grundschulbereich.<\/p>\n<p>Wie wichtig der Computer und das \u201aWorld Wide Web\u2019 im Alltag unserer Kinder gerade wird, bemerken Eltern schnell. Ob f\u00fcr Hausaufgaben oder f\u00fcr Spiele oder einfach zum Surfen \u2013 der PC und insbesondere das Internet spielen im Leben der Kinder schon jetzt eine gro\u00dfe Rolle.<\/p>\n<p><span style=\"line-height: 1.5;\">Das <a title=\"internet-abc\" href=\"http:\/\/www.internet-abc.de\/kinder\/\" target=\"_blank\">Internet \u2013 abc <\/a>ist \u00a0ein Portal f\u00fcr Kinder und Eltern.<\/span><\/p>\n<p>Es hilft, wenn es um den Medienkonsum unserer Kinder geht. Im Rahmen eines Projekts f\u00fcr unsere Drittkl\u00e4ssler werden die Kinder in 6 Doppelstunden in das Internet &#8211; abc eingef\u00fchrt. Es liefert Eltern, Lehrern und Kindern werbefreie Informationen f\u00fcr den sicheren und kompetenten Umgang mit dem Internet.<\/p>\n<p>Leitung: \u00a0 \u00a0Cornelia Fr\u00f6mmel\u00a0\u00a0\u00a0\u00a0\u00a0 und\u00a0 Elisabeth Pfeffer<\/p>\n<p><b>\u00a0<\/b><\/p>\n","protected":false},"excerpt":{"rendered":"<p>Projekt Internet-abc Medienkompetenz &amp; Jugendmedienschutz Schulzeit \u2013 Medienzeit? Das Mediennutzungsverhalten der Kinder und Jugendlichen \u00e4ndert sich rapide. Das \u201aEinstiegsalter\u2019 in die entsprechenden Medien sinkt kontinuierlich. Damit verlagern sich auch die damit verbundenen Probleme zunehmend in den Bereich der Grundschulen. Aufkl\u00e4rung und Pr\u00e4vention als Aufgabe von Schule erhalten dadurch eine immer gr\u00f6\u00dfere Bedeutung f\u00fcr den Grundschulbereich. &hellip; <a href=\"https:\/\/grundschule-homberg.de\/wp\/?page_id=4360\" class=\"more-link\"><span class=\"screen-reader-text\">Internet-abc<\/span> weiterlesen <span class=\"meta-nav\">&rarr;<\/span><\/a><\/p>\n","protected":false},"author":1,"featured_media":0,"parent":1176,"menu_order":0,"comment_status":"closed","ping_status":"closed","template":"","meta":{"ngg_post_thumbnail":0,"footnotes":""},"class_list":["post-4360","page","type-page","status-publish","hentry"],"jetpack_shortlink":"https:\/\/wp.me\/P3XuEZ-18k","jetpack-related-posts":[],"jetpack_sharing_enabled":true,"_links":{"self":[{"href":"https:\/\/grundschule-homberg.de\/wp\/index.php?rest_route=\/wp\/v2\/pages\/4360","targetHints":{"allow":["GET"]}}],"collection":[{"href":"https:\/\/grundschule-homberg.de\/wp\/index.php?rest_route=\/wp\/v2\/pages"}],"about":[{"href":"https:\/\/grundschule-homberg.de\/wp\/index.php?rest_route=\/wp\/v2\/types\/page"}],"author":[{"embeddable":true,"href":"https:\/\/grundschule-homberg.de\/wp\/index.php?rest_route=\/wp\/v2\/users\/1"}],"replies":[{"embeddable":true,"href":"https:\/\/grundschule-homberg.de\/wp\/index.php?rest_route=%2Fwp%2Fv2%2Fcomments&post=4360"}],"version-history":[{"count":5,"href":"https:\/\/grundschule-homberg.de\/wp\/index.php?rest_route=\/wp\/v2\/pages\/4360\/revisions"}],"predecessor-version":[{"id":221523,"href":"https:\/\/grundschule-homberg.de\/wp\/index.php?rest_route=\/wp\/v2\/pages\/4360\/revisions\/221523"}],"up":[{"embeddable":true,"href":"https:\/\/grundschule-homberg.de\/wp\/index.php?rest_route=\/wp\/v2\/pages\/1176"}],"wp:attachment":[{"href":"https:\/\/grundschule-homberg.de\/wp\/index.php?rest_route=%2Fwp%2Fv2%2Fmedia&parent=4360"}],"curies":[{"name":"wp","href":"https:\/\/api.w.org\/{rel}","templated":true}]}}